{"id":184,"date":"2017-06-26T18:40:58","date_gmt":"2017-06-26T16:40:58","guid":{"rendered":"http:\/\/langlegal.be\/?page_id=184"},"modified":"2025-03-30T14:50:39","modified_gmt":"2025-03-30T12:50:39","slug":"lawyer","status":"publish","type":"page","link":"https:\/\/langlegal.be\/index.php\/en\/lawyer\/","title":{"rendered":"Lawyer"},"content":{"rendered":"<div class=\"wp-block-image\">\n<figure class=\"alignleft\"><img data-recalc-dims=\"1\" loading=\"lazy\" decoding=\"async\" width=\"212\" height=\"300\" data-attachment-id=\"842\" data-permalink=\"https:\/\/langlegal.be\/index.php\/en\/lawyer\/egl1-d-rectif-nb-2\/\" data-orig-file=\"https:\/\/i0.wp.com\/langlegal.be\/wp-content\/uploads\/2018\/03\/EGL1-d-rectif.-nb-1.jpg?fit=800%2C1131&amp;ssl=1\" data-orig-size=\"800,1131\" data-comments-opened=\"0\" data-image-meta=\"{&quot;aperture&quot;:&quot;3.5&quot;,&quot;credit&quot;:&quot;&quot;,&quot;camera&quot;:&quot;NIKON D810&quot;,&quot;caption&quot;:&quot;&quot;,&quot;created_timestamp&quot;:&quot;1520965062&quot;,&quot;copyright&quot;:&quot;&quot;,&quot;focal_length&quot;:&quot;200&quot;,&quot;iso&quot;:&quot;64&quot;,&quot;shutter_speed&quot;:&quot;0.00625&quot;,&quot;title&quot;:&quot;&quot;,&quot;orientation&quot;:&quot;1&quot;}\" data-image-title=\"EGL1 &amp;#8211; d &amp;#8211; rectif. &amp;#8211; nb\" data-image-description=\"&lt;p&gt;Lawyer &amp;#8211; Belgian tax law &amp;#8211; Brussels&lt;\/p&gt;\n\" data-image-caption=\"\" data-medium-file=\"https:\/\/i0.wp.com\/langlegal.be\/wp-content\/uploads\/2018\/03\/EGL1-d-rectif.-nb-1.jpg?fit=212%2C300&amp;ssl=1\" data-large-file=\"https:\/\/i0.wp.com\/langlegal.be\/wp-content\/uploads\/2018\/03\/EGL1-d-rectif.-nb-1.jpg?fit=640%2C905&amp;ssl=1\" src=\"https:\/\/i0.wp.com\/langlegal.be\/wp-content\/uploads\/2018\/03\/EGL1-d-rectif.-nb-1.jpg?resize=212%2C300\" alt=\"\" class=\"wp-image-842\" srcset=\"https:\/\/i0.wp.com\/langlegal.be\/wp-content\/uploads\/2018\/03\/EGL1-d-rectif.-nb-1.jpg?resize=212%2C300&amp;ssl=1 212w, https:\/\/i0.wp.com\/langlegal.be\/wp-content\/uploads\/2018\/03\/EGL1-d-rectif.-nb-1.jpg?resize=768%2C1086&amp;ssl=1 768w, https:\/\/i0.wp.com\/langlegal.be\/wp-content\/uploads\/2018\/03\/EGL1-d-rectif.-nb-1.jpg?resize=700%2C990&amp;ssl=1 700w, https:\/\/i0.wp.com\/langlegal.be\/wp-content\/uploads\/2018\/03\/EGL1-d-rectif.-nb-1.jpg?w=800&amp;ssl=1 800w\" sizes=\"auto, (max-width: 212px) 100vw, 212px\" \/><\/figure>\n<\/div>\n\n\n<p><span style=\"color: #78161a;\">Eric-G\u00e9rald Lang<\/span> has been practicing tax law since more than <span style=\"color: #000000;\"><span style=\"color: #78161a;\">15 years<\/span>.<\/span> Over these years, he has been assisting both individuals as SMEs and large group companies in various sectors and on all kind of tax aspects.<\/p>\n\n\n\n<p>His expertise covers more specifically key <strong><span style=\"color: #78161a;\">tax matters pertaining to business<\/span><\/strong>, which notably includes the Belgian <strong><span style=\"color: #78161a;\">corporate income tax<\/span><\/strong>, withholding taxes or international taxation issues. He has also a comprehensive expertise in <span style=\"color: #78161a;\"><strong>VAT<\/strong><\/span>, <strong><span style=\"color: #78161a;\">real estate taxation<\/span><\/strong> and <strong><span style=\"color: #78161a;\">tax shelter<\/span><\/strong> (for the film and performing arts industries).<\/p>\n\n\n\n<p>He is the author of several <a href=\"http:\/\/langlegal.be\/index.php\/en\/publications-2\/\"><strong><span style=\"color: #78161a;\">articles<\/span><\/strong><\/a> as well as a speaker in these fields.<\/p>\n\n\n\n<p>Eric-G\u00e9rald Lang has been admitted to the Brussels Bar since 2007.&nbsp; Before launching my own tax boutique under trade name \u00ab\u00a0LANG LEGAL\u00a0\u00bb (2017), he started practicing as a lawyer in the tax department of the NautaDutilh (2007-2012) and then contributed establishing the tax departement of Strelia (2013-2017), two recognized business law firms.<\/p>\n\n\n\n<p>Eric-G\u00e9rald Lang has obtained a law degree with the Free University of Brussels (ULB | 2005 | cum laude) and a degree in Tax law with that same university (ULB | 2006 | magna cum laude).<\/p>\n\n\n\n<p>&nbsp;<\/p>\n","protected":false},"excerpt":{"rendered":"<p>Eric-G\u00e9rald Lang has been practicing tax law since more than 15 years. Over these years, he has been assisting both individuals as SMEs and large group companies in various sectors and on all kind of tax aspects. His expertise covers more specifically key tax matters pertaining to business, which notably includes the Belgian corporate income [&hellip;]<\/p>\n","protected":false},"author":1,"featured_media":0,"parent":0,"menu_order":0,"comment_status":"closed","ping_status":"closed","template":"","meta":{"_acf_changed":false,"footnotes":""},"class_list":["post-184","page","type-page","status-publish","hentry"],"acf":[],"rise-blocks_excerpt":"Eric-G\u00e9rald Lang has been practicing tax law since more than 15 years. Over these years, he has been assisting both individuals as SMEs and large group companies in various sectors and on all kind of tax aspects. His expertise covers more specifically key tax matters pertaining to business, which notably includes the Belgian corporate income tax, withholding taxes or international..","yoast_head":"<!-- This site is optimized with the Yoast SEO plugin v26.1.1 - https:\/\/yoast.com\/wordpress\/plugins\/seo\/ -->\n<title>LANG LEGAL | Eric-G\u00e9rald Lang - Lawyer<\/title>\n<meta name=\"robots\" content=\"index, follow, max-snippet:-1, max-image-preview:large, max-video-preview:-1\" \/>\n<link rel=\"canonical\" href=\"https:\/\/langlegal.be\/index.php\/en\/lawyer\/\" \/>\n<meta property=\"og:locale\" content=\"fr_FR\" \/>\n<meta property=\"og:type\" content=\"article\" \/>\n<meta property=\"og:title\" content=\"LANG LEGAL | Eric-G\u00e9rald Lang - Lawyer\" \/>\n<meta property=\"og:description\" content=\"Eric-G\u00e9rald Lang has been practicing tax law since more than 15 years. Over these years, he has been assisting both individuals as SMEs and large group companies in various sectors and on all kind of tax aspects. His expertise covers more specifically key tax matters pertaining to business, which notably includes the Belgian corporate income [&hellip;]\" \/>\n<meta property=\"og:url\" content=\"https:\/\/langlegal.be\/index.php\/en\/lawyer\/\" \/>\n<meta property=\"og:site_name\" content=\"LANG LEGAL\" \/>\n<meta property=\"article:modified_time\" content=\"2025-03-30T12:50:39+00:00\" \/>\n<meta property=\"og:image\" content=\"http:\/\/langlegal.be\/wp-content\/uploads\/2018\/03\/EGL1-d-rectif.-nb-1-212x300.jpg\" \/>\n<meta name=\"twitter:card\" content=\"summary_large_image\" \/>\n<meta name=\"twitter:label1\" content=\"Dur\u00e9e de lecture estim\u00e9e\" \/>\n\t<meta name=\"twitter:data1\" content=\"1 minute\" \/>\n<script type=\"application\/ld+json\" class=\"yoast-schema-graph\">{\"@context\":\"https:\/\/schema.org\",\"@graph\":[{\"@type\":\"WebPage\",\"@id\":\"https:\/\/langlegal.be\/index.php\/en\/lawyer\/\",\"url\":\"https:\/\/langlegal.be\/index.php\/en\/lawyer\/\",\"name\":\"LANG LEGAL | Eric-G\u00e9rald Lang - Lawyer\",\"isPartOf\":{\"@id\":\"https:\/\/langlegal.be\/#website\"},\"primaryImageOfPage\":{\"@id\":\"https:\/\/langlegal.be\/index.php\/en\/lawyer\/#primaryimage\"},\"image\":{\"@id\":\"https:\/\/langlegal.be\/index.php\/en\/lawyer\/#primaryimage\"},\"thumbnailUrl\":\"http:\/\/langlegal.be\/wp-content\/uploads\/2018\/03\/EGL1-d-rectif.-nb-1-212x300.jpg\",\"datePublished\":\"2017-06-26T16:40:58+00:00\",\"dateModified\":\"2025-03-30T12:50:39+00:00\",\"breadcrumb\":{\"@id\":\"https:\/\/langlegal.be\/index.php\/en\/lawyer\/#breadcrumb\"},\"inLanguage\":\"fr-FR\",\"potentialAction\":[{\"@type\":\"ReadAction\",\"target\":[\"https:\/\/langlegal.be\/index.php\/en\/lawyer\/\"]}]},{\"@type\":\"ImageObject\",\"inLanguage\":\"fr-FR\",\"@id\":\"https:\/\/langlegal.be\/index.php\/en\/lawyer\/#primaryimage\",\"url\":\"https:\/\/i0.wp.com\/langlegal.be\/wp-content\/uploads\/2018\/03\/EGL1-d-rectif.-nb-1.jpg?fit=800%2C1131&ssl=1\",\"contentUrl\":\"https:\/\/i0.wp.com\/langlegal.be\/wp-content\/uploads\/2018\/03\/EGL1-d-rectif.-nb-1.jpg?fit=800%2C1131&ssl=1\",\"width\":800,\"height\":1131},{\"@type\":\"BreadcrumbList\",\"@id\":\"https:\/\/langlegal.be\/index.php\/en\/lawyer\/#breadcrumb\",\"itemListElement\":[{\"@type\":\"ListItem\",\"position\":1,\"name\":\"Accueil\",\"item\":\"http:\/\/langlegal.be\/\"},{\"@type\":\"ListItem\",\"position\":2,\"name\":\"Lawyer\"}]},{\"@type\":\"WebSite\",\"@id\":\"https:\/\/langlegal.be\/#website\",\"url\":\"https:\/\/langlegal.be\/\",\"name\":\"LANG LEGAL | Cabinet de droit fiscal\",\"description\":\"Cabinet de droit fiscal\",\"potentialAction\":[{\"@type\":\"SearchAction\",\"target\":{\"@type\":\"EntryPoint\",\"urlTemplate\":\"https:\/\/langlegal.be\/?s={search_term_string}\"},\"query-input\":{\"@type\":\"PropertyValueSpecification\",\"valueRequired\":true,\"valueName\":\"search_term_string\"}}],\"inLanguage\":\"fr-FR\"}]}<\/script>\n<!-- \/ Yoast SEO plugin. -->","yoast_head_json":{"title":"LANG LEGAL | Eric-G\u00e9rald Lang - Lawyer","robots":{"index":"index","follow":"follow","max-snippet":"max-snippet:-1","max-image-preview":"max-image-preview:large","max-video-preview":"max-video-preview:-1"},"canonical":"https:\/\/langlegal.be\/index.php\/en\/lawyer\/","og_locale":"fr_FR","og_type":"article","og_title":"LANG LEGAL | Eric-G\u00e9rald Lang - Lawyer","og_description":"Eric-G\u00e9rald Lang has been practicing tax law since more than 15 years. Over these years, he has been assisting both individuals as SMEs and large group companies in various sectors and on all kind of tax aspects. His expertise covers more specifically key tax matters pertaining to business, which notably includes the Belgian corporate income [&hellip;]","og_url":"https:\/\/langlegal.be\/index.php\/en\/lawyer\/","og_site_name":"LANG LEGAL","article_modified_time":"2025-03-30T12:50:39+00:00","og_image":[{"url":"http:\/\/langlegal.be\/wp-content\/uploads\/2018\/03\/EGL1-d-rectif.-nb-1-212x300.jpg","type":"","width":"","height":""}],"twitter_card":"summary_large_image","twitter_misc":{"Dur\u00e9e de lecture estim\u00e9e":"1 minute"},"schema":{"@context":"https:\/\/schema.org","@graph":[{"@type":"WebPage","@id":"https:\/\/langlegal.be\/index.php\/en\/lawyer\/","url":"https:\/\/langlegal.be\/index.php\/en\/lawyer\/","name":"LANG LEGAL | Eric-G\u00e9rald Lang - Lawyer","isPartOf":{"@id":"https:\/\/langlegal.be\/#website"},"primaryImageOfPage":{"@id":"https:\/\/langlegal.be\/index.php\/en\/lawyer\/#primaryimage"},"image":{"@id":"https:\/\/langlegal.be\/index.php\/en\/lawyer\/#primaryimage"},"thumbnailUrl":"http:\/\/langlegal.be\/wp-content\/uploads\/2018\/03\/EGL1-d-rectif.-nb-1-212x300.jpg","datePublished":"2017-06-26T16:40:58+00:00","dateModified":"2025-03-30T12:50:39+00:00","breadcrumb":{"@id":"https:\/\/langlegal.be\/index.php\/en\/lawyer\/#breadcrumb"},"inLanguage":"fr-FR","potentialAction":[{"@type":"ReadAction","target":["https:\/\/langlegal.be\/index.php\/en\/lawyer\/"]}]},{"@type":"ImageObject","inLanguage":"fr-FR","@id":"https:\/\/langlegal.be\/index.php\/en\/lawyer\/#primaryimage","url":"https:\/\/i0.wp.com\/langlegal.be\/wp-content\/uploads\/2018\/03\/EGL1-d-rectif.-nb-1.jpg?fit=800%2C1131&ssl=1","contentUrl":"https:\/\/i0.wp.com\/langlegal.be\/wp-content\/uploads\/2018\/03\/EGL1-d-rectif.-nb-1.jpg?fit=800%2C1131&ssl=1","width":800,"height":1131},{"@type":"BreadcrumbList","@id":"https:\/\/langlegal.be\/index.php\/en\/lawyer\/#breadcrumb","itemListElement":[{"@type":"ListItem","position":1,"name":"Accueil","item":"http:\/\/langlegal.be\/"},{"@type":"ListItem","position":2,"name":"Lawyer"}]},{"@type":"WebSite","@id":"https:\/\/langlegal.be\/#website","url":"https:\/\/langlegal.be\/","name":"LANG LEGAL | Cabinet de droit fiscal","description":"Cabinet de droit fiscal","potentialAction":[{"@type":"SearchAction","target":{"@type":"EntryPoint","urlTemplate":"https:\/\/langlegal.be\/?s={search_term_string}"},"query-input":{"@type":"PropertyValueSpecification","valueRequired":true,"valueName":"search_term_string"}}],"inLanguage":"fr-FR"}]}},"jetpack_sharing_enabled":true,"jetpack_shortlink":"https:\/\/wp.me\/P8S14n-2Y","jetpack-related-posts":[{"id":429,"url":"https:\/\/langlegal.be\/index.php\/en\/expertise\/","url_meta":{"origin":184,"position":0},"title":"Expertise","author":"Lang Legal","date":"14 juillet 2017","format":false,"excerpt":"With an expertise of more than 15 years in the field, LANG LEGAL is fully dedicated to tax law, particularly business-related tax matters.\u00a0 Having a practice in both direct and indirect tax laws, our goal is to analyse each transaction within the totality of its current and upcoming tax consequences.\u2026","rel":"","context":"Article similaire","block_context":{"text":"Article similaire","link":""},"img":{"alt_text":"Eric-G\u00e9rald Lang - droit fiscal - tva - vat - Belgian tax law","src":"https:\/\/i0.wp.com\/langlegal.be\/wp-content\/uploads\/2017\/07\/Eric-G%C3%A9rald-Lang-droit-fiscal-tva-vat-Belgian-tax-law.jpg?fit=1200%2C545&ssl=1&resize=350%2C200","width":350,"height":200,"srcset":"https:\/\/i0.wp.com\/langlegal.be\/wp-content\/uploads\/2017\/07\/Eric-G%C3%A9rald-Lang-droit-fiscal-tva-vat-Belgian-tax-law.jpg?fit=1200%2C545&ssl=1&resize=350%2C200 1x, https:\/\/i0.wp.com\/langlegal.be\/wp-content\/uploads\/2017\/07\/Eric-G%C3%A9rald-Lang-droit-fiscal-tva-vat-Belgian-tax-law.jpg?fit=1200%2C545&ssl=1&resize=525%2C300 1.5x, https:\/\/i0.wp.com\/langlegal.be\/wp-content\/uploads\/2017\/07\/Eric-G%C3%A9rald-Lang-droit-fiscal-tva-vat-Belgian-tax-law.jpg?fit=1200%2C545&ssl=1&resize=700%2C400 2x, https:\/\/i0.wp.com\/langlegal.be\/wp-content\/uploads\/2017\/07\/Eric-G%C3%A9rald-Lang-droit-fiscal-tva-vat-Belgian-tax-law.jpg?fit=1200%2C545&ssl=1&resize=1050%2C600 3x"},"classes":[]},{"id":180,"url":"https:\/\/langlegal.be\/index.php\/en\/","url_meta":{"origin":184,"position":1},"title":"Lang Legal : Belgian tax law firm","author":"Lang Legal","date":"26 juin 2017","format":false,"excerpt":"Welcome to Lang Legal, a newly Belgian law firm in Brussels dedicated to tax. \u00a0Its launching originates with the will to deliver a strong and specialized assistance to its clients, through an easy, modern and efficient structure. \u00a0Both new technologies and Today's environment enable such an alternative.","rel":"","context":"Article similaire","block_context":{"text":"Article similaire","link":""},"img":{"alt_text":"Eric-G\u00e9rald Lang - avocat - lawyer - droit fiscal - tax law - Belgique - Belgium - Bruxelles - Brussels","src":"https:\/\/i0.wp.com\/langlegal.be\/wp-content\/uploads\/2017\/07\/Eric-G%C3%A9rald-Lang-avocat-lawyer-droit-fiscal-tax-law.jpg?fit=1200%2C800&ssl=1&resize=350%2C200","width":350,"height":200,"srcset":"https:\/\/i0.wp.com\/langlegal.be\/wp-content\/uploads\/2017\/07\/Eric-G%C3%A9rald-Lang-avocat-lawyer-droit-fiscal-tax-law.jpg?fit=1200%2C800&ssl=1&resize=350%2C200 1x, https:\/\/i0.wp.com\/langlegal.be\/wp-content\/uploads\/2017\/07\/Eric-G%C3%A9rald-Lang-avocat-lawyer-droit-fiscal-tax-law.jpg?fit=1200%2C800&ssl=1&resize=525%2C300 1.5x, https:\/\/i0.wp.com\/langlegal.be\/wp-content\/uploads\/2017\/07\/Eric-G%C3%A9rald-Lang-avocat-lawyer-droit-fiscal-tax-law.jpg?fit=1200%2C800&ssl=1&resize=700%2C400 2x, https:\/\/i0.wp.com\/langlegal.be\/wp-content\/uploads\/2017\/07\/Eric-G%C3%A9rald-Lang-avocat-lawyer-droit-fiscal-tax-law.jpg?fit=1200%2C800&ssl=1&resize=1050%2C600 3x"},"classes":[]},{"id":204,"url":"https:\/\/langlegal.be\/index.php\/en\/form\/","url_meta":{"origin":184,"position":2},"title":"Contact","author":"Lang Legal","date":"27 juin 2017","format":false,"excerpt":"LANG LEGAL\u00a0| Eric-G\u00e9rald Lang | lawyerTax Law Firm CBE | VAT BE 0816.373.972 chauss\u00e9e de Waterloo 1135 (rez) [Vert Chasseur]1180 BrusselsBelgium t. +32 (0) 2 227 51 07 | m. +32 (0) 477 569 867 | info@langlegal.be | eric-gerald.lang@langlegal.be FILL IN THE FORM: Please also feel free to contact us\u2026","rel":"","context":"Article similaire","block_context":{"text":"Article similaire","link":""},"img":{"alt_text":"","src":"https:\/\/i0.wp.com\/langlegal.be\/wp-content\/uploads\/2017\/06\/smartphone-notebook-technology-calendar.jpg?fit=800%2C533&ssl=1&resize=350%2C200","width":350,"height":200,"srcset":"https:\/\/i0.wp.com\/langlegal.be\/wp-content\/uploads\/2017\/06\/smartphone-notebook-technology-calendar.jpg?fit=800%2C533&ssl=1&resize=350%2C200 1x, https:\/\/i0.wp.com\/langlegal.be\/wp-content\/uploads\/2017\/06\/smartphone-notebook-technology-calendar.jpg?fit=800%2C533&ssl=1&resize=525%2C300 1.5x, https:\/\/i0.wp.com\/langlegal.be\/wp-content\/uploads\/2017\/06\/smartphone-notebook-technology-calendar.jpg?fit=800%2C533&ssl=1&resize=700%2C400 2x"},"classes":[]},{"id":400,"url":"https:\/\/langlegal.be\/index.php\/en\/independency\/","url_meta":{"origin":184,"position":3},"title":"Independency","author":"Lang Legal","date":"14 juillet 2017","format":false,"excerpt":"LANG LEGAL aims at being resolutely independent, while keeping small-sized, to stay flexible and close to its clients. This total independence allows the firm to provide tailor-made solutions to its clients, eventually in partnership with their own advisers or advisers from its professional network.","rel":"","context":"Article similaire","block_context":{"text":"Article similaire","link":""},"img":{"alt_text":"Eric-G\u00e9rald Lang - avocat - lawyer - cabinet de droit fiscal belge - Belgian tax law firm","src":"https:\/\/i0.wp.com\/langlegal.be\/wp-content\/uploads\/2017\/07\/Eric-G%C3%A9rald-Lang-avocat-lawyer-cabinet-de-droit-fiscal-belge-Belgian-tax-law-firm-1.jpeg?fit=1200%2C800&ssl=1&resize=350%2C200","width":350,"height":200,"srcset":"https:\/\/i0.wp.com\/langlegal.be\/wp-content\/uploads\/2017\/07\/Eric-G%C3%A9rald-Lang-avocat-lawyer-cabinet-de-droit-fiscal-belge-Belgian-tax-law-firm-1.jpeg?fit=1200%2C800&ssl=1&resize=350%2C200 1x, https:\/\/i0.wp.com\/langlegal.be\/wp-content\/uploads\/2017\/07\/Eric-G%C3%A9rald-Lang-avocat-lawyer-cabinet-de-droit-fiscal-belge-Belgian-tax-law-firm-1.jpeg?fit=1200%2C800&ssl=1&resize=525%2C300 1.5x, https:\/\/i0.wp.com\/langlegal.be\/wp-content\/uploads\/2017\/07\/Eric-G%C3%A9rald-Lang-avocat-lawyer-cabinet-de-droit-fiscal-belge-Belgian-tax-law-firm-1.jpeg?fit=1200%2C800&ssl=1&resize=700%2C400 2x, https:\/\/i0.wp.com\/langlegal.be\/wp-content\/uploads\/2017\/07\/Eric-G%C3%A9rald-Lang-avocat-lawyer-cabinet-de-droit-fiscal-belge-Belgian-tax-law-firm-1.jpeg?fit=1200%2C800&ssl=1&resize=1050%2C600 3x"},"classes":[]},{"id":526,"url":"https:\/\/langlegal.be\/index.php\/en\/publications-2\/","url_meta":{"origin":184,"position":4},"title":"Publications","author":"Lang Legal","date":"19 juillet 2017","format":false,"excerpt":"Publications : 2025\/12 - E.-G. Lang, \"La non-d\u00e9ductibilit\u00e9 des pertes fiscales en cas de redressement : ce dispositif qui devrait \u00eatre limit\u00e9 au seul calcul des accroissements ?\", R.G.F.C.P., 2025\/10, pp. 37-44. 2023\/01 - E.-G. Lang, \"L\u2019exon\u00e9ration du pr\u00e9compte immobilier pour improductivit\u00e9 en R\u00e9gion bruxelloise : retour sur sa lente\u2026","rel":"","context":"Article similaire","block_context":{"text":"Article similaire","link":""},"img":{"alt_text":"Eric-G\u00e9rald Lang - avocat - lawyer - droit fiscal - tax law - gratuit - free - publications","src":"https:\/\/i0.wp.com\/langlegal.be\/wp-content\/uploads\/2017\/06\/Eric-G%C3%A9rald-Lang-avocat-lawyer-droit-fiscal-tax-law-gratuit-free-publications.jpg?fit=1024%2C768&ssl=1&resize=350%2C200","width":350,"height":200,"srcset":"https:\/\/i0.wp.com\/langlegal.be\/wp-content\/uploads\/2017\/06\/Eric-G%C3%A9rald-Lang-avocat-lawyer-droit-fiscal-tax-law-gratuit-free-publications.jpg?fit=1024%2C768&ssl=1&resize=350%2C200 1x, https:\/\/i0.wp.com\/langlegal.be\/wp-content\/uploads\/2017\/06\/Eric-G%C3%A9rald-Lang-avocat-lawyer-droit-fiscal-tax-law-gratuit-free-publications.jpg?fit=1024%2C768&ssl=1&resize=525%2C300 1.5x, https:\/\/i0.wp.com\/langlegal.be\/wp-content\/uploads\/2017\/06\/Eric-G%C3%A9rald-Lang-avocat-lawyer-droit-fiscal-tax-law-gratuit-free-publications.jpg?fit=1024%2C768&ssl=1&resize=700%2C400 2x"},"classes":[]},{"id":213,"url":"https:\/\/langlegal.be\/index.php\/en\/contact\/","url_meta":{"origin":184,"position":5},"title":"About","author":"Lang Legal","date":"27 juin 2017","format":false,"excerpt":"LANG LEGAL\u00a0| Eric-G\u00e9rald Lang | lawyerTax Law Firm CBE | VAT BE 0816.373.972 chauss\u00e9e de Waterloo 11351180 BrusselsBelgium t. +32 (0) 2 227 51 07 | m. +32 (0) 477 569 867 info@langlegal.be | eric-gerald.lang@langlegal.be","rel":"","context":"Article similaire","block_context":{"text":"Article similaire","link":""},"img":{"alt_text":"Eric-G\u00e9rald Lang - avocat - lawyer - droit fiscal - tax law - tax shelter - tva - VAT - fiscaliste - contact","src":"https:\/\/i0.wp.com\/langlegal.be\/wp-content\/uploads\/2017\/06\/Eric-G%C3%A9rald-Lang-avocat-lawyer-droit-fiscal-tax-law-tax-shelter-tva-VAT-fiscaliste-contact.jpg?fit=1024%2C682&ssl=1&resize=350%2C200","width":350,"height":200,"srcset":"https:\/\/i0.wp.com\/langlegal.be\/wp-content\/uploads\/2017\/06\/Eric-G%C3%A9rald-Lang-avocat-lawyer-droit-fiscal-tax-law-tax-shelter-tva-VAT-fiscaliste-contact.jpg?fit=1024%2C682&ssl=1&resize=350%2C200 1x, https:\/\/i0.wp.com\/langlegal.be\/wp-content\/uploads\/2017\/06\/Eric-G%C3%A9rald-Lang-avocat-lawyer-droit-fiscal-tax-law-tax-shelter-tva-VAT-fiscaliste-contact.jpg?fit=1024%2C682&ssl=1&resize=525%2C300 1.5x, https:\/\/i0.wp.com\/langlegal.be\/wp-content\/uploads\/2017\/06\/Eric-G%C3%A9rald-Lang-avocat-lawyer-droit-fiscal-tax-law-tax-shelter-tva-VAT-fiscaliste-contact.jpg?fit=1024%2C682&ssl=1&resize=700%2C400 2x"},"classes":[]}],"_links":{"self":[{"href":"https:\/\/langlegal.be\/index.php\/wp-json\/wp\/v2\/pages\/184","targetHints":{"allow":["GET"]}}],"collection":[{"href":"https:\/\/langlegal.be\/index.php\/wp-json\/wp\/v2\/pages"}],"about":[{"href":"https:\/\/langlegal.be\/index.php\/wp-json\/wp\/v2\/types\/page"}],"author":[{"embeddable":true,"href":"https:\/\/langlegal.be\/index.php\/wp-json\/wp\/v2\/users\/1"}],"replies":[{"embeddable":true,"href":"https:\/\/langlegal.be\/index.php\/wp-json\/wp\/v2\/comments?post=184"}],"version-history":[{"count":14,"href":"https:\/\/langlegal.be\/index.php\/wp-json\/wp\/v2\/pages\/184\/revisions"}],"predecessor-version":[{"id":1488,"href":"https:\/\/langlegal.be\/index.php\/wp-json\/wp\/v2\/pages\/184\/revisions\/1488"}],"wp:attachment":[{"href":"https:\/\/langlegal.be\/index.php\/wp-json\/wp\/v2\/media?parent=184"}],"curies":[{"name":"wp","href":"https:\/\/api.w.org\/{rel}","templated":true}]}}