{"id":558,"date":"2017-07-20T15:09:32","date_gmt":"2017-07-20T13:09:32","guid":{"rendered":"http:\/\/langlegal.be\/?page_id=558"},"modified":"2026-02-11T10:42:29","modified_gmt":"2026-02-11T09:42:29","slug":"erelonen","status":"publish","type":"page","link":"https:\/\/langlegal.be\/index.php\/nl\/erelonen\/","title":{"rendered":"Erelonen"},"content":{"rendered":"Ons kabinet wenst beperkt in omvang te blijven om van <span style=\"color: #78161a;\"><strong>nabij flexibele oplossingen<\/strong><\/span> te bieden aan de behoeftes van haar cli\u00ebnteel; daartoe zijn verschillende formules mogelijk:\n<ul>\n \t<li><strong><span style=\"color: #78161a;\">Uurtarief<\/span><\/strong>: het betreft een vast tarief waarbij de erelonen worden gefactureerd aan een overeen te komen uurtarief rekening houdend met de gevraagde diensten, de draagkracht van de cli\u00ebnt en de aard van de zaak;<\/li>\n \t<li><strong><span style=\"color: #78161a;\">Vaste bedrag<\/span><\/strong>: het bedrag van de erelonen voor de gevraagde diensten wordt geraamd of bepaald op een overeen te komen bedrag;<\/li>\n \t<li><strong><span style=\"color: #78161a;\">Erelonen op het resultaat<\/span><\/strong>: een deel van het bedrag van de erelonen wordt gefactureerd in functie van een bepaald resultaat;<\/li>\n \t<li><strong><span style=\"color: #78161a;\">Abonnement<\/span><\/strong>: een periodiek abonnement wordt gefactureerd voor bepaalde diensten en staat los van het volume van de daadwerkelijk gebruikte diensten.<\/li>\n<\/ul>\nEr kan voorafgaand aan het uitvoeren van de prestaties een provisie worden gevraagd. Het geheel van de diensten is onderworpen aan onze <strong><span style=\"color: #78161a;\">algemene voorwaarden<\/span><\/strong>\u00a0<strong><span style=\"color: #78161a;\">(<a href=\"http:\/\/langlegal.be\/wp-content\/uploads\/2026\/02\/CONDITIONS-GENERALES-FR-v.-260201.pdf\">fr<\/a>\/<a href=\"http:\/\/langlegal.be\/wp-content\/uploads\/2026\/02\/GENERAL-TERMS-AND-CONDITIONS-v.-260201.pdf\">eng<\/a>)<\/span><\/strong>.\n\nHet<span style=\"color: #78161a;\"> eerste contact<\/span> is steeds <span style=\"color: #78161a;\">gratis<\/span>.","protected":false},"excerpt":{"rendered":"<p>Ons kabinet wenst beperkt in omvang te blijven om van nabij flexibele oplossingen te bieden aan de behoeftes van haar cli\u00ebnteel; daartoe zijn verschillende formules mogelijk: Uurtarief: het betreft een vast tarief waarbij de erelonen worden gefactureerd aan een overeen te komen uurtarief rekening houdend met de gevraagde diensten, de draagkracht van de cli\u00ebnt en [&hellip;]<\/p>\n","protected":false},"author":1,"featured_media":131,"parent":0,"menu_order":0,"comment_status":"closed","ping_status":"closed","template":"","meta":{"_acf_changed":false,"footnotes":""},"class_list":["post-558","page","type-page","status-publish","has-post-thumbnail","hentry"],"acf":[],"rise-blocks_excerpt":"Ons kabinet wenst beperkt in omvang te blijven om van nabij flexibele oplossingen te bieden aan de behoeftes van haar cli\u00ebnteel; daartoe zijn verschillende formules mogelijk: Uurtarief: het betreft een vast tarief waarbij de erelonen worden gefactureerd aan een overeen te komen uurtarief rekening houdend met de gevraagde diensten, de draagkracht van de cli\u00ebnt en de aard van de zaak;..","yoast_head":"<!-- This site is optimized with the Yoast SEO plugin v26.1.1 - https:\/\/yoast.com\/wordpress\/plugins\/seo\/ -->\n<title>Erelonen | LANG LEGAL<\/title>\n<meta name=\"robots\" content=\"index, follow, max-snippet:-1, max-image-preview:large, max-video-preview:-1\" \/>\n<link rel=\"canonical\" href=\"https:\/\/langlegal.be\/index.php\/nl\/erelonen\/\" \/>\n<meta property=\"og:locale\" content=\"fr_FR\" \/>\n<meta property=\"og:type\" content=\"article\" \/>\n<meta property=\"og:title\" content=\"Erelonen | LANG LEGAL\" \/>\n<meta property=\"og:description\" content=\"Ons kabinet wenst beperkt in omvang te blijven om van nabij flexibele oplossingen te bieden aan de behoeftes van haar cli\u00ebnteel; daartoe zijn verschillende formules mogelijk: Uurtarief: het betreft een vast tarief waarbij de erelonen worden gefactureerd aan een overeen te komen uurtarief rekening houdend met de gevraagde diensten, de draagkracht van de cli\u00ebnt en [&hellip;]\" \/>\n<meta property=\"og:url\" content=\"https:\/\/langlegal.be\/index.php\/nl\/erelonen\/\" \/>\n<meta property=\"og:site_name\" content=\"LANG LEGAL\" \/>\n<meta property=\"article:modified_time\" content=\"2026-02-11T09:42:29+00:00\" \/>\n<meta property=\"og:image\" content=\"https:\/\/langlegal.be\/wp-content\/uploads\/2017\/06\/Eric-G\u00e9rald-Lang-avocat-lawyer-droit-fiscal-tax-law-gratuit-free-honoraires.jpg\" \/>\n\t<meta property=\"og:image:width\" content=\"1280\" \/>\n\t<meta property=\"og:image:height\" content=\"437\" \/>\n\t<meta property=\"og:image:type\" content=\"image\/jpeg\" \/>\n<meta name=\"twitter:card\" content=\"summary_large_image\" \/>\n<meta name=\"twitter:label1\" content=\"Dur\u00e9e de lecture estim\u00e9e\" \/>\n\t<meta name=\"twitter:data1\" content=\"1 minute\" \/>\n<script type=\"application\/ld+json\" class=\"yoast-schema-graph\">{\"@context\":\"https:\/\/schema.org\",\"@graph\":[{\"@type\":\"WebPage\",\"@id\":\"https:\/\/langlegal.be\/index.php\/nl\/erelonen\/\",\"url\":\"https:\/\/langlegal.be\/index.php\/nl\/erelonen\/\",\"name\":\"Erelonen | LANG LEGAL\",\"isPartOf\":{\"@id\":\"https:\/\/langlegal.be\/#website\"},\"primaryImageOfPage\":{\"@id\":\"https:\/\/langlegal.be\/index.php\/nl\/erelonen\/#primaryimage\"},\"image\":{\"@id\":\"https:\/\/langlegal.be\/index.php\/nl\/erelonen\/#primaryimage\"},\"thumbnailUrl\":\"https:\/\/i0.wp.com\/langlegal.be\/wp-content\/uploads\/2017\/06\/Eric-G%C3%A9rald-Lang-avocat-lawyer-droit-fiscal-tax-law-gratuit-free-honoraires.jpg?fit=1280%2C437&ssl=1\",\"datePublished\":\"2017-07-20T13:09:32+00:00\",\"dateModified\":\"2026-02-11T09:42:29+00:00\",\"breadcrumb\":{\"@id\":\"https:\/\/langlegal.be\/index.php\/nl\/erelonen\/#breadcrumb\"},\"inLanguage\":\"fr-FR\",\"potentialAction\":[{\"@type\":\"ReadAction\",\"target\":[\"https:\/\/langlegal.be\/index.php\/nl\/erelonen\/\"]}]},{\"@type\":\"ImageObject\",\"inLanguage\":\"fr-FR\",\"@id\":\"https:\/\/langlegal.be\/index.php\/nl\/erelonen\/#primaryimage\",\"url\":\"https:\/\/i0.wp.com\/langlegal.be\/wp-content\/uploads\/2017\/06\/Eric-G%C3%A9rald-Lang-avocat-lawyer-droit-fiscal-tax-law-gratuit-free-honoraires.jpg?fit=1280%2C437&ssl=1\",\"contentUrl\":\"https:\/\/i0.wp.com\/langlegal.be\/wp-content\/uploads\/2017\/06\/Eric-G%C3%A9rald-Lang-avocat-lawyer-droit-fiscal-tax-law-gratuit-free-honoraires.jpg?fit=1280%2C437&ssl=1\",\"width\":1280,\"height\":437,\"caption\":\"Honoraires\"},{\"@type\":\"BreadcrumbList\",\"@id\":\"https:\/\/langlegal.be\/index.php\/nl\/erelonen\/#breadcrumb\",\"itemListElement\":[{\"@type\":\"ListItem\",\"position\":1,\"name\":\"Accueil\",\"item\":\"http:\/\/langlegal.be\/\"},{\"@type\":\"ListItem\",\"position\":2,\"name\":\"Erelonen\"}]},{\"@type\":\"WebSite\",\"@id\":\"https:\/\/langlegal.be\/#website\",\"url\":\"https:\/\/langlegal.be\/\",\"name\":\"LANG LEGAL | Cabinet de droit fiscal\",\"description\":\"Cabinet de droit fiscal\",\"potentialAction\":[{\"@type\":\"SearchAction\",\"target\":{\"@type\":\"EntryPoint\",\"urlTemplate\":\"https:\/\/langlegal.be\/?s={search_term_string}\"},\"query-input\":{\"@type\":\"PropertyValueSpecification\",\"valueRequired\":true,\"valueName\":\"search_term_string\"}}],\"inLanguage\":\"fr-FR\"}]}<\/script>\n<!-- \/ Yoast SEO plugin. -->","yoast_head_json":{"title":"Erelonen | LANG LEGAL","robots":{"index":"index","follow":"follow","max-snippet":"max-snippet:-1","max-image-preview":"max-image-preview:large","max-video-preview":"max-video-preview:-1"},"canonical":"https:\/\/langlegal.be\/index.php\/nl\/erelonen\/","og_locale":"fr_FR","og_type":"article","og_title":"Erelonen | LANG LEGAL","og_description":"Ons kabinet wenst beperkt in omvang te blijven om van nabij flexibele oplossingen te bieden aan de behoeftes van haar cli\u00ebnteel; daartoe zijn verschillende formules mogelijk: Uurtarief: het betreft een vast tarief waarbij de erelonen worden gefactureerd aan een overeen te komen uurtarief rekening houdend met de gevraagde diensten, de draagkracht van de cli\u00ebnt en [&hellip;]","og_url":"https:\/\/langlegal.be\/index.php\/nl\/erelonen\/","og_site_name":"LANG LEGAL","article_modified_time":"2026-02-11T09:42:29+00:00","og_image":[{"width":1280,"height":437,"url":"https:\/\/langlegal.be\/wp-content\/uploads\/2017\/06\/Eric-G\u00e9rald-Lang-avocat-lawyer-droit-fiscal-tax-law-gratuit-free-honoraires.jpg","type":"image\/jpeg"}],"twitter_card":"summary_large_image","twitter_misc":{"Dur\u00e9e de lecture estim\u00e9e":"1 minute"},"schema":{"@context":"https:\/\/schema.org","@graph":[{"@type":"WebPage","@id":"https:\/\/langlegal.be\/index.php\/nl\/erelonen\/","url":"https:\/\/langlegal.be\/index.php\/nl\/erelonen\/","name":"Erelonen | LANG LEGAL","isPartOf":{"@id":"https:\/\/langlegal.be\/#website"},"primaryImageOfPage":{"@id":"https:\/\/langlegal.be\/index.php\/nl\/erelonen\/#primaryimage"},"image":{"@id":"https:\/\/langlegal.be\/index.php\/nl\/erelonen\/#primaryimage"},"thumbnailUrl":"https:\/\/i0.wp.com\/langlegal.be\/wp-content\/uploads\/2017\/06\/Eric-G%C3%A9rald-Lang-avocat-lawyer-droit-fiscal-tax-law-gratuit-free-honoraires.jpg?fit=1280%2C437&ssl=1","datePublished":"2017-07-20T13:09:32+00:00","dateModified":"2026-02-11T09:42:29+00:00","breadcrumb":{"@id":"https:\/\/langlegal.be\/index.php\/nl\/erelonen\/#breadcrumb"},"inLanguage":"fr-FR","potentialAction":[{"@type":"ReadAction","target":["https:\/\/langlegal.be\/index.php\/nl\/erelonen\/"]}]},{"@type":"ImageObject","inLanguage":"fr-FR","@id":"https:\/\/langlegal.be\/index.php\/nl\/erelonen\/#primaryimage","url":"https:\/\/i0.wp.com\/langlegal.be\/wp-content\/uploads\/2017\/06\/Eric-G%C3%A9rald-Lang-avocat-lawyer-droit-fiscal-tax-law-gratuit-free-honoraires.jpg?fit=1280%2C437&ssl=1","contentUrl":"https:\/\/i0.wp.com\/langlegal.be\/wp-content\/uploads\/2017\/06\/Eric-G%C3%A9rald-Lang-avocat-lawyer-droit-fiscal-tax-law-gratuit-free-honoraires.jpg?fit=1280%2C437&ssl=1","width":1280,"height":437,"caption":"Honoraires"},{"@type":"BreadcrumbList","@id":"https:\/\/langlegal.be\/index.php\/nl\/erelonen\/#breadcrumb","itemListElement":[{"@type":"ListItem","position":1,"name":"Accueil","item":"http:\/\/langlegal.be\/"},{"@type":"ListItem","position":2,"name":"Erelonen"}]},{"@type":"WebSite","@id":"https:\/\/langlegal.be\/#website","url":"https:\/\/langlegal.be\/","name":"LANG LEGAL | Cabinet de droit fiscal","description":"Cabinet de droit fiscal","potentialAction":[{"@type":"SearchAction","target":{"@type":"EntryPoint","urlTemplate":"https:\/\/langlegal.be\/?s={search_term_string}"},"query-input":{"@type":"PropertyValueSpecification","valueRequired":true,"valueName":"search_term_string"}}],"inLanguage":"fr-FR"}]}},"jetpack_sharing_enabled":true,"jetpack_shortlink":"https:\/\/wp.me\/P8S14n-90","jetpack-related-posts":[{"id":551,"url":"https:\/\/langlegal.be\/index.php\/nl\/expertise-3\/","url_meta":{"origin":558,"position":0},"title":"Expertise","author":"Lang Legal","date":"20 juillet 2017","format":false,"excerpt":"Met een expertise van meer dan 15 jaar, is LANG LEGAL uitsluitend gericht op de praktijk van het fiscaal recht, en in het bijzonder het fiscaal ondernemingsrecht. Door een ervaring inzake zowel directe als indirecte belastingen bestaat onze aanpak erin elke transactie in haar globaliteit te behandelen in het licht\u2026","rel":"","context":"Article similaire","block_context":{"text":"Article similaire","link":""},"img":{"alt_text":"Eric-G\u00e9rald Lang - droit fiscal - tva - vat - Belgian tax law","src":"https:\/\/i0.wp.com\/langlegal.be\/wp-content\/uploads\/2017\/07\/Eric-G%C3%A9rald-Lang-droit-fiscal-tva-vat-Belgian-tax-law.jpg?fit=1200%2C545&ssl=1&resize=350%2C200","width":350,"height":200,"srcset":"https:\/\/i0.wp.com\/langlegal.be\/wp-content\/uploads\/2017\/07\/Eric-G%C3%A9rald-Lang-droit-fiscal-tva-vat-Belgian-tax-law.jpg?fit=1200%2C545&ssl=1&resize=350%2C200 1x, https:\/\/i0.wp.com\/langlegal.be\/wp-content\/uploads\/2017\/07\/Eric-G%C3%A9rald-Lang-droit-fiscal-tva-vat-Belgian-tax-law.jpg?fit=1200%2C545&ssl=1&resize=525%2C300 1.5x, https:\/\/i0.wp.com\/langlegal.be\/wp-content\/uploads\/2017\/07\/Eric-G%C3%A9rald-Lang-droit-fiscal-tva-vat-Belgian-tax-law.jpg?fit=1200%2C545&ssl=1&resize=700%2C400 2x, https:\/\/i0.wp.com\/langlegal.be\/wp-content\/uploads\/2017\/07\/Eric-G%C3%A9rald-Lang-droit-fiscal-tva-vat-Belgian-tax-law.jpg?fit=1200%2C545&ssl=1&resize=1050%2C600 3x"},"classes":[]},{"id":209,"url":"https:\/\/langlegal.be\/index.php\/nl\/advocaat\/","url_meta":{"origin":558,"position":1},"title":"Advocaat","author":"Lang Legal","date":"27 juin 2017","format":false,"excerpt":"Eric-G\u00e9rald Lang beoefent sinds meer dan 15 jaar het fiscaal recht. Gedurende deze periode heeft hij zowel particulieren, KMO\u2019s als grote ondernemingen van diverse sectoren bijgestaan over allerhande aspecten van de fiscaliteit. Zijn ervaring bestrijkt meer bepaald de ganse ondernemingsfiscaliteit, zoals de vennootschapsbelasting, de reorganisaties, kapitaalverrichtingen, optieplannen of nog het\u2026","rel":"","context":"Article similaire","block_context":{"text":"Article similaire","link":""},"img":{"alt_text":"","src":"https:\/\/i0.wp.com\/langlegal.be\/wp-content\/uploads\/2018\/03\/EGL1-d-rectif.-nb-1.jpg?resize=350%2C200&ssl=1","width":350,"height":200,"srcset":"https:\/\/i0.wp.com\/langlegal.be\/wp-content\/uploads\/2018\/03\/EGL1-d-rectif.-nb-1.jpg?resize=350%2C200&ssl=1 1x, https:\/\/i0.wp.com\/langlegal.be\/wp-content\/uploads\/2018\/03\/EGL1-d-rectif.-nb-1.jpg?resize=525%2C300&ssl=1 1.5x, https:\/\/i0.wp.com\/langlegal.be\/wp-content\/uploads\/2018\/03\/EGL1-d-rectif.-nb-1.jpg?resize=700%2C400&ssl=1 2x"},"classes":[]},{"id":545,"url":"https:\/\/langlegal.be\/index.php\/nl\/onafhankelijkheid\/","url_meta":{"origin":558,"position":2},"title":"Onafhankelijkheid","author":"Lang Legal","date":"20 juillet 2017","format":false,"excerpt":"Het kantoor LANG LEGAL wil zich resoluut onafhankelijk opstellen, met behoud van een beperkte omvang, zodat zij van nabij haar cli\u00ebnteel flexibele oplossingen kan bieden. Deze vrijheid laat haar toe een dienst op maat van haar cli\u00ebnteel aan te bieden, eventueel in samenspraak met de eigen adviseurs of met de\u2026","rel":"","context":"Article similaire","block_context":{"text":"Article similaire","link":""},"img":{"alt_text":"Eric-G\u00e9rald Lang - avocat - lawyer - cabinet de droit fiscal belge - Belgian tax law firm","src":"https:\/\/i0.wp.com\/langlegal.be\/wp-content\/uploads\/2017\/07\/Eric-G%C3%A9rald-Lang-avocat-lawyer-cabinet-de-droit-fiscal-belge-Belgian-tax-law-firm-1.jpeg?fit=1200%2C800&ssl=1&resize=350%2C200","width":350,"height":200,"srcset":"https:\/\/i0.wp.com\/langlegal.be\/wp-content\/uploads\/2017\/07\/Eric-G%C3%A9rald-Lang-avocat-lawyer-cabinet-de-droit-fiscal-belge-Belgian-tax-law-firm-1.jpeg?fit=1200%2C800&ssl=1&resize=350%2C200 1x, https:\/\/i0.wp.com\/langlegal.be\/wp-content\/uploads\/2017\/07\/Eric-G%C3%A9rald-Lang-avocat-lawyer-cabinet-de-droit-fiscal-belge-Belgian-tax-law-firm-1.jpeg?fit=1200%2C800&ssl=1&resize=525%2C300 1.5x, https:\/\/i0.wp.com\/langlegal.be\/wp-content\/uploads\/2017\/07\/Eric-G%C3%A9rald-Lang-avocat-lawyer-cabinet-de-droit-fiscal-belge-Belgian-tax-law-firm-1.jpeg?fit=1200%2C800&ssl=1&resize=700%2C400 2x, https:\/\/i0.wp.com\/langlegal.be\/wp-content\/uploads\/2017\/07\/Eric-G%C3%A9rald-Lang-avocat-lawyer-cabinet-de-droit-fiscal-belge-Belgian-tax-law-firm-1.jpeg?fit=1200%2C800&ssl=1&resize=1050%2C600 3x"},"classes":[]},{"id":188,"url":"https:\/\/langlegal.be\/index.php\/nl\/","url_meta":{"origin":558,"position":3},"title":"Lang Legal : fiscaal recht kantoor","author":"Lang Legal","date":"27 juin 2017","format":false,"excerpt":"Welkome bij LANG LEGAL, een zo pas opgericht advocatenkantoor in Brussel dat zich in het bijzonder toelegt op het fiscaal recht. Haar oprichting volgt uit de ambitie via een sobere, moderne en doeltreffende structuur een nauwgezette en gespecialiseerde bijstand te verlenen. Zowel de nieuwe technologie\u00ebn als het huidige landschap laten\u2026","rel":"","context":"Article similaire","block_context":{"text":"Article similaire","link":""},"img":{"alt_text":"","src":"","width":0,"height":0},"classes":[]},{"id":268,"url":"https:\/\/langlegal.be\/index.php\/nl\/contact-3\/","url_meta":{"origin":558,"position":4},"title":"Contact","author":"Lang Legal","date":"7 juillet 2017","format":false,"excerpt":"LANG LEGAL\u00a0| Eric-G\u00e9rald Lang | advocaatFiscale advocaatkantoor KBO | BTW BE 0816.373.972 Waterloosesteenweg 1135 (Groene Jager)1180 BrusselBelgium t. +32 (0) 2 227 51 07 | m. +32 (0) 477 569 867 | info@langlegal.be | eric-gerald.lang@langlegal.be FORMULIER: U kunt ons ook bereiken via het onderstaand formulier: Op elke vraag, ook van\u2026","rel":"","context":"Article similaire","block_context":{"text":"Article similaire","link":""},"img":{"alt_text":"","src":"https:\/\/i0.wp.com\/langlegal.be\/wp-content\/uploads\/2017\/07\/smartphone-notebook-technology-calendar.jpg?fit=800%2C533&ssl=1&resize=350%2C200","width":350,"height":200,"srcset":"https:\/\/i0.wp.com\/langlegal.be\/wp-content\/uploads\/2017\/07\/smartphone-notebook-technology-calendar.jpg?fit=800%2C533&ssl=1&resize=350%2C200 1x, https:\/\/i0.wp.com\/langlegal.be\/wp-content\/uploads\/2017\/07\/smartphone-notebook-technology-calendar.jpg?fit=800%2C533&ssl=1&resize=525%2C300 1.5x, https:\/\/i0.wp.com\/langlegal.be\/wp-content\/uploads\/2017\/07\/smartphone-notebook-technology-calendar.jpg?fit=800%2C533&ssl=1&resize=700%2C400 2x"},"classes":[]},{"id":221,"url":"https:\/\/langlegal.be\/index.php\/nl\/publicaties\/","url_meta":{"origin":558,"position":5},"title":"Publicaties","author":"Lang Legal","date":"27 juin 2017","format":false,"excerpt":"Publicaties : 2025\/12 - E.-G. Lang, \"La non-d\u00e9ductibilit\u00e9 des pertes fiscales en cas de redressement : ce dispositif qui devrait \u00eatre limit\u00e9 au seul calcul des accroissements ?\", R.G.F.C.P., 2025\/10, pp. 37-44. 2023\/01 - E.-G. Lang, \"L\u2019exon\u00e9ration du pr\u00e9compte immobilier pour improductivit\u00e9 en R\u00e9gion bruxelloise : retour sur sa lente\u2026","rel":"","context":"Article similaire","block_context":{"text":"Article similaire","link":""},"img":{"alt_text":"Eric-G\u00e9rald Lang - avocat - lawyer - droit fiscal - tax law - gratuit - free - publications","src":"https:\/\/i0.wp.com\/langlegal.be\/wp-content\/uploads\/2017\/06\/Eric-G%C3%A9rald-Lang-avocat-lawyer-droit-fiscal-tax-law-gratuit-free-publications.jpg?fit=1024%2C768&ssl=1&resize=350%2C200","width":350,"height":200,"srcset":"https:\/\/i0.wp.com\/langlegal.be\/wp-content\/uploads\/2017\/06\/Eric-G%C3%A9rald-Lang-avocat-lawyer-droit-fiscal-tax-law-gratuit-free-publications.jpg?fit=1024%2C768&ssl=1&resize=350%2C200 1x, https:\/\/i0.wp.com\/langlegal.be\/wp-content\/uploads\/2017\/06\/Eric-G%C3%A9rald-Lang-avocat-lawyer-droit-fiscal-tax-law-gratuit-free-publications.jpg?fit=1024%2C768&ssl=1&resize=525%2C300 1.5x, https:\/\/i0.wp.com\/langlegal.be\/wp-content\/uploads\/2017\/06\/Eric-G%C3%A9rald-Lang-avocat-lawyer-droit-fiscal-tax-law-gratuit-free-publications.jpg?fit=1024%2C768&ssl=1&resize=700%2C400 2x"},"classes":[]}],"_links":{"self":[{"href":"https:\/\/langlegal.be\/index.php\/wp-json\/wp\/v2\/pages\/558","targetHints":{"allow":["GET"]}}],"collection":[{"href":"https:\/\/langlegal.be\/index.php\/wp-json\/wp\/v2\/pages"}],"about":[{"href":"https:\/\/langlegal.be\/index.php\/wp-json\/wp\/v2\/types\/page"}],"author":[{"embeddable":true,"href":"https:\/\/langlegal.be\/index.php\/wp-json\/wp\/v2\/users\/1"}],"replies":[{"embeddable":true,"href":"https:\/\/langlegal.be\/index.php\/wp-json\/wp\/v2\/comments?post=558"}],"version-history":[{"count":10,"href":"https:\/\/langlegal.be\/index.php\/wp-json\/wp\/v2\/pages\/558\/revisions"}],"predecessor-version":[{"id":1608,"href":"https:\/\/langlegal.be\/index.php\/wp-json\/wp\/v2\/pages\/558\/revisions\/1608"}],"wp:featuredmedia":[{"embeddable":true,"href":"https:\/\/langlegal.be\/index.php\/wp-json\/wp\/v2\/media\/131"}],"wp:attachment":[{"href":"https:\/\/langlegal.be\/index.php\/wp-json\/wp\/v2\/media?parent=558"}],"curies":[{"name":"wp","href":"https:\/\/api.w.org\/{rel}","templated":true}]}}